{"id":3543,"date":"2017-05-16T13:05:54","date_gmt":"2017-05-16T20:05:54","guid":{"rendered":"https:\/\/www.triathloncanada.com\/equipe-nationale-canadienne\/"},"modified":"2025-05-07T12:40:26","modified_gmt":"2025-05-07T19:40:26","slug":"equipe-nationale-canadienne","status":"publish","type":"page","link":"https:\/\/www.triathloncanada.com\/fr\/athletes-et-equipes\/equipe-nationale-canadienne\/","title":{"rendered":"\u00c9quipe nationale canadienne"},"content":{"rendered":"<p>[et_pb_section fb_built=\u00a0\u00bb1&Prime; fullwidth=\u00a0\u00bbon\u00a0\u00bb _builder_version=\u00a0\u00bb4.16&Prime; locked=\u00a0\u00bboff\u00a0\u00bb global_colors_info=\u00a0\u00bb{}\u00a0\u00bb][et_pb_fullwidth_image src=\u00a0\u00bbhttps:\/\/www.triathloncanada.com\/wp-content\/uploads\/Tyler_header_crop.jpg\u00a0\u00bb alt=\u00a0\u00bb\u00c9quipe nationale canadienne\u00a0\u00bb title_text=\u00a0\u00bbTyler_header_crop\u00a0\u00bb _builder_version=\u00a0\u00bb4.24.1&Prime; animation=\u00a0\u00bboff\u00a0\u00bb use_border_color=\u00a0\u00bboff\u00a0\u00bb border_color=\u00a0\u00bb#ffffff\u00a0\u00bb border_width=\u00a0\u00bb1&Prime; border_style=\u00a0\u00bbsolid\u00a0\u00bb global_colors_info=\u00a0\u00bb{}\u00a0\u00bb][\/et_pb_fullwidth_image][\/et_pb_section][et_pb_section fb_built=\u00a0\u00bb1&Prime; module_class=\u00a0\u00bboverlay_photo_text \u00a0\u00bb _builder_version=\u00a0\u00bb4.16&Prime; background_color=\u00a0\u00bbrgba(255,255,255,0)\u00a0\u00bb transparent_background=\u00a0\u00bbon\u00a0\u00bb make_fullwidth=\u00a0\u00bboff\u00a0\u00bb use_custom_width=\u00a0\u00bboff\u00a0\u00bb width_unit=\u00a0\u00bbon\u00a0\u00bb global_colors_info=\u00a0\u00bb{}\u00a0\u00bb][et_pb_row _builder_version=\u00a0\u00bb4.24.0&Prime; background_size=\u00a0\u00bbinitial\u00a0\u00bb background_position=\u00a0\u00bbtop_left\u00a0\u00bb background_repeat=\u00a0\u00bbrepeat\u00a0\u00bb global_colors_info=\u00a0\u00bb{}\u00a0\u00bb][et_pb_column type=\u00a0\u00bb4_4&Prime; _builder_version=\u00a0\u00bb4.24.0&Prime; custom_padding=\u00a0\u00bb|||\u00a0\u00bb global_colors_info=\u00a0\u00bb{}\u00a0\u00bb custom_padding__hover=\u00a0\u00bb|||\u00a0\u00bb][et_pb_text _builder_version=\u00a0\u00bb4.24.0&Prime; background_size=\u00a0\u00bbinitial\u00a0\u00bb background_position=\u00a0\u00bbtop_left\u00a0\u00bb background_repeat=\u00a0\u00bbrepeat\u00a0\u00bb text_orientation=\u00a0\u00bbright\u00a0\u00bb background_layout=\u00a0\u00bbdark\u00a0\u00bb use_border_color=\u00a0\u00bboff\u00a0\u00bb border_color=\u00a0\u00bb#ffffff\u00a0\u00bb border_style=\u00a0\u00bbsolid\u00a0\u00bb global_colors_info=\u00a0\u00bb{}\u00a0\u00bb]<\/p>\n<p>Le<strong>\u00a0podium<\/strong> dans la mire<\/p>\n<p>[\/et_pb_text][\/et_pb_column][\/et_pb_row][\/et_pb_section][et_pb_section fb_built=\u00a0\u00bb1&Prime; fullwidth=\u00a0\u00bbon\u00a0\u00bb _builder_version=\u00a0\u00bb4.16&Prime; background_color=\u00a0\u00bb#333f48&Prime; custom_padding=\u00a0\u00bb0px||0px|\u00a0\u00bb transparent_background=\u00a0\u00bboff\u00a0\u00bb make_fullwidth=\u00a0\u00bboff\u00a0\u00bb use_custom_width=\u00a0\u00bboff\u00a0\u00bb width_unit=\u00a0\u00bbon\u00a0\u00bb locked=\u00a0\u00bboff\u00a0\u00bb global_colors_info=\u00a0\u00bb{}\u00a0\u00bb][et_pb_fullwidth_menu menu_id=\u00a0\u00bb48&Prime; submenu_direction=\u00a0\u00bbdownwards\u00a0\u00bb fullwidth_menu=\u00a0\u00bbon\u00a0\u00bb _builder_version=\u00a0\u00bb4.16&Prime; background_color=\u00a0\u00bb#333f48&Prime; text_orientation=\u00a0\u00bbcenter\u00a0\u00bb background_layout=\u00a0\u00bbdark\u00a0\u00bb global_colors_info=\u00a0\u00bb{}\u00a0\u00bb][\/et_pb_fullwidth_menu][\/et_pb_section][et_pb_section fb_built=\u00a0\u00bb1&Prime; _builder_version=\u00a0\u00bb4.16&Prime; background_color=\u00a0\u00bb#e1292f\u00a0\u00bb custom_padding=\u00a0\u00bb0px||0px|\u00a0\u00bb transparent_background=\u00a0\u00bboff\u00a0\u00bb make_fullwidth=\u00a0\u00bboff\u00a0\u00bb use_custom_width=\u00a0\u00bboff\u00a0\u00bb width_unit=\u00a0\u00bbon\u00a0\u00bb locked=\u00a0\u00bboff\u00a0\u00bb global_colors_info=\u00a0\u00bb{}\u00a0\u00bb][et_pb_row _builder_version=\u00a0\u00bb4.16&Prime; background_size=\u00a0\u00bbinitial\u00a0\u00bb background_position=\u00a0\u00bbtop_left\u00a0\u00bb background_repeat=\u00a0\u00bbrepeat\u00a0\u00bb custom_padding=\u00a0\u00bb1.25em||0.75em|\u00a0\u00bb make_fullwidth=\u00a0\u00bboff\u00a0\u00bb use_custom_width=\u00a0\u00bboff\u00a0\u00bb width_unit=\u00a0\u00bbon\u00a0\u00bb global_colors_info=\u00a0\u00bb{}\u00a0\u00bb][et_pb_column type=\u00a0\u00bb4_4&Prime; _builder_version=\u00a0\u00bb4.16&Prime; custom_padding=\u00a0\u00bb|||\u00a0\u00bb global_colors_info=\u00a0\u00bb{}\u00a0\u00bb custom_padding__hover=\u00a0\u00bb|||\u00a0\u00bb][et_pb_post_title meta=\u00a0\u00bboff\u00a0\u00bb featured_image=\u00a0\u00bboff\u00a0\u00bb text_color=\u00a0\u00bblight\u00a0\u00bb _builder_version=\u00a0\u00bb4.16&Prime; title_font_size=\u00a0\u00bb48px\u00a0\u00bb title_font_size_tablet=\u00a0\u00bb36px\u00a0\u00bb title_font_size_phone=\u00a0\u00bb24px\u00a0\u00bb title_font_size_last_edited=\u00a0\u00bbon|phone\u00a0\u00bb use_border_color=\u00a0\u00bboff\u00a0\u00bb border_color=\u00a0\u00bb#ffffff\u00a0\u00bb border_style=\u00a0\u00bbsolid\u00a0\u00bb parallax_effect=\u00a0\u00bboff\u00a0\u00bb global_colors_info=\u00a0\u00bb{}\u00a0\u00bb][\/et_pb_post_title][\/et_pb_column][\/et_pb_row][\/et_pb_section][et_pb_section fb_built=\u00a0\u00bb1&Prime; _builder_version=\u00a0\u00bb4.16&Prime; transparent_background=\u00a0\u00bboff\u00a0\u00bb make_fullwidth=\u00a0\u00bboff\u00a0\u00bb use_custom_width=\u00a0\u00bboff\u00a0\u00bb width_unit=\u00a0\u00bbon\u00a0\u00bb global_colors_info=\u00a0\u00bb{}\u00a0\u00bb][et_pb_row _builder_version=\u00a0\u00bb4.16&Prime; background_size=\u00a0\u00bbinitial\u00a0\u00bb background_position=\u00a0\u00bbtop_left\u00a0\u00bb background_repeat=\u00a0\u00bbrepeat\u00a0\u00bb global_colors_info=\u00a0\u00bb{}\u00a0\u00bb][et_pb_column type=\u00a0\u00bb4_4&Prime; _builder_version=\u00a0\u00bb4.16&Prime; custom_padding=\u00a0\u00bb|||\u00a0\u00bb global_colors_info=\u00a0\u00bb{}\u00a0\u00bb custom_padding__hover=\u00a0\u00bb|||\u00a0\u00bb][et_pb_text admin_label=\u00a0\u00bbMain content\u00a0\u00bb _builder_version=\u00a0\u00bb4.16&Prime; text_letter_spacing=\u00a0\u00bb0&Prime; text_line_height=\u00a0\u00bb1.7&Prime; header_font_size=\u00a0\u00bb30&Prime; header_letter_spacing=\u00a0\u00bb0&Prime; header_line_height=\u00a0\u00bb1&Prime; background_size=\u00a0\u00bbinitial\u00a0\u00bb background_position=\u00a0\u00bbtop_left\u00a0\u00bb background_repeat=\u00a0\u00bbrepeat\u00a0\u00bb use_border_color=\u00a0\u00bboff\u00a0\u00bb border_color=\u00a0\u00bb#ffffff\u00a0\u00bb border_width=\u00a0\u00bb1&Prime; border_style=\u00a0\u00bbsolid\u00a0\u00bb global_colors_info=\u00a0\u00bb{}\u00a0\u00bb]<\/p>\n<h3>D\u00e9vou\u00e9 \u00e0 la qu\u00eate de l&rsquo;excellence <em>et<\/em> <em>fi\u00e8rement canadien.<\/em><\/h3>\n<p>Les d\u00e9buts du triathlon aux Jeux olympiques de Sydney de 2000, qui ont culmin\u00e9 en une m\u00e9daille d&rsquo;or pour Simon Whitfield, ont propuls\u00e9 le Canada sur la sc\u00e8ne mondiale. Ce moment de \u00abbig bang\u00bb, ainsi que la poursuite du succ\u00e8s de notre \u00e9quipe nationale, ont \u00e9tabli la norme \u00e0 laquelle Triathlon Canada, et le reste du monde, fait r\u00e9f\u00e9rence. \u00a0Par cons\u00e9quent, l&rsquo;\u00e9quipe nationale de Triathlon Canada a toujours occup\u00e9 des places pour les athl\u00e8tes qui rivalisent au plus haut niveau \u00e0 la fois \u00e0 la distance standard et \u00e0 la distance sprint tout en visant les podiums aux championnats du monde, aux Jeux olympiques, et Jeux paralympiques.<\/p>\n<p>[\/et_pb_text][\/et_pb_column][\/et_pb_row][\/et_pb_section][et_pb_section fb_built=\u00a0\u00bb1&Prime; _builder_version=\u00a0\u00bb4.16&Prime; background_color=\u00a0\u00bb#ebeced\u00a0\u00bb transparent_background=\u00a0\u00bboff\u00a0\u00bb make_fullwidth=\u00a0\u00bboff\u00a0\u00bb use_custom_width=\u00a0\u00bboff\u00a0\u00bb width_unit=\u00a0\u00bbon\u00a0\u00bb locked=\u00a0\u00bboff\u00a0\u00bb global_colors_info=\u00a0\u00bb{}\u00a0\u00bb][et_pb_row module_class=\u00a0\u00bbwidth96&Prime; _builder_version=\u00a0\u00bb4.16&Prime; background_size=\u00a0\u00bbinitial\u00a0\u00bb background_position=\u00a0\u00bbtop_left\u00a0\u00bb background_repeat=\u00a0\u00bbrepeat\u00a0\u00bb width=\u00a0\u00bb100%\u00a0\u00bb max_width=\u00a0\u00bb100%\u00a0\u00bb make_fullwidth=\u00a0\u00bbon\u00a0\u00bb use_custom_width=\u00a0\u00bbon\u00a0\u00bb width_unit=\u00a0\u00bboff\u00a0\u00bb custom_width_percent=\u00a0\u00bb100%\u00a0\u00bb global_colors_info=\u00a0\u00bb{}\u00a0\u00bb][et_pb_column type=\u00a0\u00bb4_4&Prime; _builder_version=\u00a0\u00bb4.16&Prime; custom_padding=\u00a0\u00bb|||\u00a0\u00bb global_colors_info=\u00a0\u00bb{}\u00a0\u00bb custom_padding__hover=\u00a0\u00bb|||\u00a0\u00bb][et_pb_text admin_label=\u00a0\u00bbMeet the athletes\u00a0\u00bb _builder_version=\u00a0\u00bb4.16&Prime; background_size=\u00a0\u00bbinitial\u00a0\u00bb background_position=\u00a0\u00bbtop_left\u00a0\u00bb background_repeat=\u00a0\u00bbrepeat\u00a0\u00bb use_border_color=\u00a0\u00bboff\u00a0\u00bb border_color=\u00a0\u00bb#ffffff\u00a0\u00bb border_style=\u00a0\u00bbsolid\u00a0\u00bb global_colors_info=\u00a0\u00bb{}\u00a0\u00bb]<\/p>\n<h2>Meet Canada&rsquo;s High Performance Team Athletes<\/h2>\n<p>&nbsp;<\/p>\n<p>[\/et_pb_text][et_pb_text admin_label=\u00a0\u00bbHigh Performance Team\u00a0\u00bb module_id=\u00a0\u00bbnational\u00a0\u00bb _builder_version=\u00a0\u00bb4.16&Prime; background_size=\u00a0\u00bbinitial\u00a0\u00bb background_position=\u00a0\u00bbtop_left\u00a0\u00bb background_repeat=\u00a0\u00bbrepeat\u00a0\u00bb use_border_color=\u00a0\u00bboff\u00a0\u00bb border_color=\u00a0\u00bb#ffffff\u00a0\u00bb border_style=\u00a0\u00bbsolid\u00a0\u00bb global_colors_info=\u00a0\u00bb{}\u00a0\u00bb]<\/p>\n<h3 style=\"margin-bottom:1em;\">\u00c9quipe nationale<\/h3>\n<p>\n\n\n<div id=\"wpv-view-layout-22645\" class=\"js-wpv-view-layout js-wpv-layout-responsive js-wpv-view-layout-22645\" data-viewnumber=\"22645\" data-pagination=\"{&quot;id&quot;:22645,&quot;query&quot;:&quot;normal&quot;,&quot;type&quot;:&quot;disabled&quot;,&quot;effect&quot;:&quot;fade&quot;,&quot;duration&quot;:500,&quot;speed&quot;:5,&quot;pause_on_hover&quot;:&quot;disabled&quot;,&quot;stop_rollover&quot;:&quot;false&quot;,&quot;cache_pages&quot;:&quot;enabled&quot;,&quot;preload_images&quot;:&quot;enabled&quot;,&quot;preload_pages&quot;:&quot;enabled&quot;,&quot;preload_reach&quot;:1,&quot;spinner&quot;:&quot;builtin&quot;,&quot;spinner_image&quot;:&quot;https:\/\/www.triathloncanada.com\/wp-content\/plugins\/wp-views\/embedded\/res\/img\/ajax-loader.gif&quot;,&quot;callback_next&quot;:&quot;&quot;,&quot;manage_history&quot;:&quot;enabled&quot;,&quot;has_controls_in_form&quot;:&quot;disabled&quot;,&quot;infinite_tolerance&quot;:&quot;0&quot;,&quot;max_pages&quot;:0,&quot;page&quot;:1,&quot;base_permalink&quot;:&quot;\/fr\/wp-json\/wp\/v2\/pages\/3543?wpv_view_count=22645&amp;wpv_paged=WPV_PAGE_NUM&quot;,&quot;loop&quot;:{&quot;type&quot;:&quot;&quot;,&quot;name&quot;:&quot;&quot;,&quot;data&quot;:[],&quot;id&quot;:0}}\" data-permalink=\"\/fr\/wp-json\/wp\/v2\/pages\/3543?wpv_view_count=22645\">\n\n\t\n\t\n<div class=\"athlete-grid\">\n\t\t\n       <div class=\"athlete-single-item\">\n         <div class=\"athlete-thumb\"><a href=\"https:\/\/www.triathloncanada.com\/fr\/athlete-bio\/charles-paquet-2\/\"><img loading=\"lazy\" decoding=\"async\" width=\"1024\" height=\"1024\" src=\"https:\/\/www.triathloncanada.com\/wp-content\/uploads\/Final-TriathlonCanada__003_square-1024x1024.jpg\" class=\"attachment-large size-large wp-post-image\" alt=\"\" srcset=\"https:\/\/www.triathloncanada.com\/wp-content\/uploads\/Final-TriathlonCanada__003_square-980x980.jpg 980w, https:\/\/www.triathloncanada.com\/wp-content\/uploads\/Final-TriathlonCanada__003_square-480x480.jpg 480w\" sizes=\"(min-width: 0px) and (max-width: 480px) 480px, (min-width: 481px) and (max-width: 980px) 980px, (min-width: 981px) 1024px, 100vw\" \/><\/a><\/div>\n         <div class=\"athlete-mapleleaf\">\n           <img decoding=\"async\" src=\"\/wp-content\/uploads\/team-overlay-leaf-80.png\">\n         <\/div>\n       <div class=\"athlete-info\">\n         <div class=\"athlete-arrow\"><a href=\"https:\/\/www.triathloncanada.com\/fr\/athlete-bio\/charles-paquet-2\/\"><i class=\"fa fa-arrow-circle-o-right\"><\/i><\/a><\/div>\n         <h5>National Team<\/h5>\n         <a href=\"https:\/\/www.triathloncanada.com\/fr\/athlete-bio\/charles-paquet-2\/\"><h3>Charles Paquet<\/h3><\/a>\n         <\/div>\n          <\/div>\n\t\t\n       <div class=\"athlete-single-item\">\n         <div class=\"athlete-thumb\"><a href=\"https:\/\/www.triathloncanada.com\/fr\/athlete-bio\/desirae-ridenour\/\"><img loading=\"lazy\" decoding=\"async\" width=\"1024\" height=\"1024\" src=\"https:\/\/www.triathloncanada.com\/wp-content\/uploads\/DesRid-1024x1024.jpg\" class=\"attachment-large size-large wp-post-image\" alt=\"\" srcset=\"https:\/\/www.triathloncanada.com\/wp-content\/uploads\/DesRid-980x980.jpg 980w, https:\/\/www.triathloncanada.com\/wp-content\/uploads\/DesRid-480x480.jpg 480w\" sizes=\"(min-width: 0px) and (max-width: 480px) 480px, (min-width: 481px) and (max-width: 980px) 980px, (min-width: 981px) 1024px, 100vw\" \/><\/a><\/div>\n         <div class=\"athlete-mapleleaf\">\n           <img decoding=\"async\" src=\"\/wp-content\/uploads\/team-overlay-leaf-80.png\">\n         <\/div>\n       <div class=\"athlete-info\">\n         <div class=\"athlete-arrow\"><a href=\"https:\/\/www.triathloncanada.com\/fr\/athlete-bio\/desirae-ridenour\/\"><i class=\"fa fa-arrow-circle-o-right\"><\/i><\/a><\/div>\n         <h5>National Team<\/h5>\n         <a href=\"https:\/\/www.triathloncanada.com\/fr\/athlete-bio\/desirae-ridenour\/\"><h3>Desirae Ridenour<\/h3><\/a>\n         <\/div>\n          <\/div>\n\t\t\n       <div class=\"athlete-single-item\">\n         <div class=\"athlete-thumb\"><a href=\"https:\/\/www.triathloncanada.com\/fr\/athlete-bio\/emy-legault\/\"><img loading=\"lazy\" decoding=\"async\" width=\"1024\" height=\"1024\" src=\"https:\/\/www.triathloncanada.com\/wp-content\/uploads\/Final-TriathlonCanada__001_square-1-1024x1024.jpg\" class=\"attachment-large size-large wp-post-image\" alt=\"Image of Emy Legault\" srcset=\"https:\/\/www.triathloncanada.com\/wp-content\/uploads\/Final-TriathlonCanada__001_square-1-980x980.jpg 980w, https:\/\/www.triathloncanada.com\/wp-content\/uploads\/Final-TriathlonCanada__001_square-1-480x480.jpg 480w\" sizes=\"(min-width: 0px) and (max-width: 480px) 480px, (min-width: 481px) and (max-width: 980px) 980px, (min-width: 981px) 1024px, 100vw\" \/><\/a><\/div>\n         <div class=\"athlete-mapleleaf\">\n           <img decoding=\"async\" src=\"\/wp-content\/uploads\/team-overlay-leaf-80.png\">\n         <\/div>\n       <div class=\"athlete-info\">\n         <div class=\"athlete-arrow\"><a href=\"https:\/\/www.triathloncanada.com\/fr\/athlete-bio\/emy-legault\/\"><i class=\"fa fa-arrow-circle-o-right\"><\/i><\/a><\/div>\n         <h5>National Team<\/h5>\n         <a href=\"https:\/\/www.triathloncanada.com\/fr\/athlete-bio\/emy-legault\/\"><h3>Emy Legault<\/h3><\/a>\n         <\/div>\n          <\/div>\n\t\t\n       <div class=\"athlete-single-item\">\n         <div class=\"athlete-thumb\"><a href=\"https:\/\/www.triathloncanada.com\/fr\/athlete-bio\/leanne-taylor\/\"><img loading=\"lazy\" decoding=\"async\" width=\"1024\" height=\"1024\" src=\"https:\/\/www.triathloncanada.com\/wp-content\/uploads\/Final-Triathlon-Friday-092-square-1024x1024.jpg\" class=\"attachment-large size-large wp-post-image\" alt=\"Photo of Leanne\" srcset=\"https:\/\/www.triathloncanada.com\/wp-content\/uploads\/Final-Triathlon-Friday-092-square-980x980.jpg 980w, https:\/\/www.triathloncanada.com\/wp-content\/uploads\/Final-Triathlon-Friday-092-square-480x480.jpg 480w\" sizes=\"(min-width: 0px) and (max-width: 480px) 480px, (min-width: 481px) and (max-width: 980px) 980px, (min-width: 981px) 1024px, 100vw\" \/><\/a><\/div>\n         <div class=\"athlete-mapleleaf\">\n           <img decoding=\"async\" src=\"\/wp-content\/uploads\/team-overlay-leaf-80.png\">\n         <\/div>\n       <div class=\"athlete-info\">\n         <div class=\"athlete-arrow\"><a href=\"https:\/\/www.triathloncanada.com\/fr\/athlete-bio\/leanne-taylor\/\"><i class=\"fa fa-arrow-circle-o-right\"><\/i><\/a><\/div>\n         <h5>National Team<\/h5>\n         <a href=\"https:\/\/www.triathloncanada.com\/fr\/athlete-bio\/leanne-taylor\/\"><h3>Leanne Taylor<\/h3><\/a>\n         <\/div>\n          <\/div>\n\t\t\n       <div class=\"athlete-single-item\">\n         <div class=\"athlete-thumb\"><a href=\"https:\/\/www.triathloncanada.com\/fr\/athlete-bio\/liam-donnelly\/\"><img loading=\"lazy\" decoding=\"async\" width=\"1024\" height=\"1024\" src=\"https:\/\/www.triathloncanada.com\/wp-content\/uploads\/Final-Triathlon-Friday-066square-1024x1024.jpg\" class=\"attachment-large size-large wp-post-image\" alt=\"Photo of Liam\" srcset=\"https:\/\/www.triathloncanada.com\/wp-content\/uploads\/Final-Triathlon-Friday-066square-980x980.jpg 980w, https:\/\/www.triathloncanada.com\/wp-content\/uploads\/Final-Triathlon-Friday-066square-480x480.jpg 480w\" sizes=\"(min-width: 0px) and (max-width: 480px) 480px, (min-width: 481px) and (max-width: 980px) 980px, (min-width: 981px) 1024px, 100vw\" \/><\/a><\/div>\n         <div class=\"athlete-mapleleaf\">\n           <img decoding=\"async\" src=\"\/wp-content\/uploads\/team-overlay-leaf-80.png\">\n         <\/div>\n       <div class=\"athlete-info\">\n         <div class=\"athlete-arrow\"><a href=\"https:\/\/www.triathloncanada.com\/fr\/athlete-bio\/liam-donnelly\/\"><i class=\"fa fa-arrow-circle-o-right\"><\/i><\/a><\/div>\n         <h5>National Team<\/h5>\n         <a href=\"https:\/\/www.triathloncanada.com\/fr\/athlete-bio\/liam-donnelly\/\"><h3>Liam Donnelly<\/h3><\/a>\n         <\/div>\n          <\/div>\n\t\t\n       <div class=\"athlete-single-item\">\n         <div class=\"athlete-thumb\"><a href=\"https:\/\/www.triathloncanada.com\/fr\/athlete-bio\/martin-sobey\/\"><img loading=\"lazy\" decoding=\"async\" width=\"1024\" height=\"1024\" src=\"https:\/\/www.triathloncanada.com\/wp-content\/uploads\/Final-TriathlonCanada__005_square-1024x1024.jpg\" class=\"attachment-large size-large wp-post-image\" alt=\"Image of Martin Sobey\" srcset=\"https:\/\/www.triathloncanada.com\/wp-content\/uploads\/Final-TriathlonCanada__005_square-980x980.jpg 980w, https:\/\/www.triathloncanada.com\/wp-content\/uploads\/Final-TriathlonCanada__005_square-480x480.jpg 480w\" sizes=\"(min-width: 0px) and (max-width: 480px) 480px, (min-width: 481px) and (max-width: 980px) 980px, (min-width: 981px) 1024px, 100vw\" \/><\/a><\/div>\n         <div class=\"athlete-mapleleaf\">\n           <img decoding=\"async\" src=\"\/wp-content\/uploads\/team-overlay-leaf-80.png\">\n         <\/div>\n       <div class=\"athlete-info\">\n         <div class=\"athlete-arrow\"><a href=\"https:\/\/www.triathloncanada.com\/fr\/athlete-bio\/martin-sobey\/\"><i class=\"fa fa-arrow-circle-o-right\"><\/i><\/a><\/div>\n         <h5>National Team<\/h5>\n         <a href=\"https:\/\/www.triathloncanada.com\/fr\/athlete-bio\/martin-sobey\/\"><h3>Martin Sobey<\/h3><\/a>\n         <\/div>\n          <\/div>\n\t\t\n       <div class=\"athlete-single-item\">\n         <div class=\"athlete-thumb\"><a href=\"https:\/\/www.triathloncanada.com\/fr\/athlete-bio\/mathis-beaulieu\/\"><img loading=\"lazy\" decoding=\"async\" width=\"1024\" height=\"1024\" src=\"https:\/\/www.triathloncanada.com\/wp-content\/uploads\/Final-TriathlonCanada__010_square-1024x1024.jpg\" class=\"attachment-large size-large wp-post-image\" alt=\"Image of Mathis Beaulieu\" srcset=\"https:\/\/www.triathloncanada.com\/wp-content\/uploads\/Final-TriathlonCanada__010_square-980x980.jpg 980w, https:\/\/www.triathloncanada.com\/wp-content\/uploads\/Final-TriathlonCanada__010_square-480x480.jpg 480w\" sizes=\"(min-width: 0px) and (max-width: 480px) 480px, (min-width: 481px) and (max-width: 980px) 980px, (min-width: 981px) 1024px, 100vw\" \/><\/a><\/div>\n         <div class=\"athlete-mapleleaf\">\n           <img decoding=\"async\" src=\"\/wp-content\/uploads\/team-overlay-leaf-80.png\">\n         <\/div>\n       <div class=\"athlete-info\">\n         <div class=\"athlete-arrow\"><a href=\"https:\/\/www.triathloncanada.com\/fr\/athlete-bio\/mathis-beaulieu\/\"><i class=\"fa fa-arrow-circle-o-right\"><\/i><\/a><\/div>\n         <h5>National Team<\/h5>\n         <a href=\"https:\/\/www.triathloncanada.com\/fr\/athlete-bio\/mathis-beaulieu\/\"><h3>Mathis Beaulieu<\/h3><\/a>\n         <\/div>\n          <\/div>\n\t\t\n       <div class=\"athlete-single-item\">\n         <div class=\"athlete-thumb\"><a href=\"https:\/\/www.triathloncanada.com\/fr\/athlete-bio\/sophia-howell-2\/\"><img loading=\"lazy\" decoding=\"async\" width=\"1024\" height=\"1024\" src=\"https:\/\/www.triathloncanada.com\/wp-content\/uploads\/Sophia_Crop-1024x1024.jpg\" class=\"attachment-large size-large wp-post-image\" alt=\"\" srcset=\"https:\/\/www.triathloncanada.com\/wp-content\/uploads\/Sophia_Crop-980x980.jpg 980w, https:\/\/www.triathloncanada.com\/wp-content\/uploads\/Sophia_Crop-480x480.jpg 480w\" sizes=\"(min-width: 0px) and (max-width: 480px) 480px, (min-width: 481px) and (max-width: 980px) 980px, (min-width: 981px) 1024px, 100vw\" \/><\/a><\/div>\n         <div class=\"athlete-mapleleaf\">\n           <img decoding=\"async\" src=\"\/wp-content\/uploads\/team-overlay-leaf-80.png\">\n         <\/div>\n       <div class=\"athlete-info\">\n         <div class=\"athlete-arrow\"><a href=\"https:\/\/www.triathloncanada.com\/fr\/athlete-bio\/sophia-howell-2\/\"><i class=\"fa fa-arrow-circle-o-right\"><\/i><\/a><\/div>\n         <h5>National Team<\/h5>\n         <a href=\"https:\/\/www.triathloncanada.com\/fr\/athlete-bio\/sophia-howell-2\/\"><h3>Sophia Howell<\/h3><\/a>\n         <\/div>\n          <\/div>\n\t\t\n       <div class=\"athlete-single-item\">\n         <div class=\"athlete-thumb\"><a href=\"https:\/\/www.triathloncanada.com\/fr\/athlete-bio\/stefan-daniel-new\/\"><img loading=\"lazy\" decoding=\"async\" width=\"1024\" height=\"1024\" src=\"https:\/\/www.triathloncanada.com\/wp-content\/uploads\/Final-Triathlon-Friday-074square-1024x1024.jpg\" class=\"attachment-large size-large wp-post-image\" alt=\"Photo of Stefan\" srcset=\"https:\/\/www.triathloncanada.com\/wp-content\/uploads\/Final-Triathlon-Friday-074square-980x980.jpg 980w, https:\/\/www.triathloncanada.com\/wp-content\/uploads\/Final-Triathlon-Friday-074square-480x480.jpg 480w\" sizes=\"(min-width: 0px) and (max-width: 480px) 480px, (min-width: 481px) and (max-width: 980px) 980px, (min-width: 981px) 1024px, 100vw\" \/><\/a><\/div>\n         <div class=\"athlete-mapleleaf\">\n           <img decoding=\"async\" src=\"\/wp-content\/uploads\/team-overlay-leaf-80.png\">\n         <\/div>\n       <div class=\"athlete-info\">\n         <div class=\"athlete-arrow\"><a href=\"https:\/\/www.triathloncanada.com\/fr\/athlete-bio\/stefan-daniel-new\/\"><i class=\"fa fa-arrow-circle-o-right\"><\/i><\/a><\/div>\n         <h5>National Team<\/h5>\n         <a href=\"https:\/\/www.triathloncanada.com\/fr\/athlete-bio\/stefan-daniel-new\/\"><h3>Stefan Daniel<\/h3><\/a>\n         <\/div>\n          <\/div>\n\t\t\n       <div class=\"athlete-single-item\">\n         <div class=\"athlete-thumb\"><a href=\"https:\/\/www.triathloncanada.com\/fr\/athlete-bio\/tyler-mislawchuk-new\/\"><img loading=\"lazy\" decoding=\"async\" width=\"1024\" height=\"1024\" src=\"https:\/\/www.triathloncanada.com\/wp-content\/uploads\/Final-TriathlonCanada__004_square-1024x1024.jpg\" class=\"attachment-large size-large wp-post-image\" alt=\"Image of Tyler Mislawchuk\" srcset=\"https:\/\/www.triathloncanada.com\/wp-content\/uploads\/Final-TriathlonCanada__004_square-980x980.jpg 980w, https:\/\/www.triathloncanada.com\/wp-content\/uploads\/Final-TriathlonCanada__004_square-480x480.jpg 480w\" sizes=\"(min-width: 0px) and (max-width: 480px) 480px, (min-width: 481px) and (max-width: 980px) 980px, (min-width: 981px) 1024px, 100vw\" \/><\/a><\/div>\n         <div class=\"athlete-mapleleaf\">\n           <img decoding=\"async\" src=\"\/wp-content\/uploads\/team-overlay-leaf-80.png\">\n         <\/div>\n       <div class=\"athlete-info\">\n         <div class=\"athlete-arrow\"><a href=\"https:\/\/www.triathloncanada.com\/fr\/athlete-bio\/tyler-mislawchuk-new\/\"><i class=\"fa fa-arrow-circle-o-right\"><\/i><\/a><\/div>\n         <h5>National Team<\/h5>\n         <a href=\"https:\/\/www.triathloncanada.com\/fr\/athlete-bio\/tyler-mislawchuk-new\/\"><h3>Tyler Mislawchuk<\/h3><\/a>\n         <\/div>\n          <\/div>\n\t\t\n<\/div>\n\t\n\t\n\t\n<\/div>\n[\/et_pb_text][et_pb_text admin_label=\u00a0\u00bbDevelopment Team\u00a0\u00bb module_id=\u00a0\u00bbdev\u00a0\u00bb _builder_version=\u00a0\u00bb4.16&Prime; background_size=\u00a0\u00bbinitial\u00a0\u00bb background_position=\u00a0\u00bbtop_left\u00a0\u00bb background_repeat=\u00a0\u00bbrepeat\u00a0\u00bb use_border_color=\u00a0\u00bboff\u00a0\u00bb border_color=\u00a0\u00bb#ffffff\u00a0\u00bb border_style=\u00a0\u00bbsolid\u00a0\u00bb global_colors_info=\u00a0\u00bb{}\u00a0\u00bb]<\/p>\n<h3 style=\"margin-bottom:1em;\">\u00c9quipe nationale de d\u00e9veloppement<\/h3>\n<p>\n\n\n<div id=\"wpv-view-layout-22462\" class=\"js-wpv-view-layout js-wpv-layout-responsive js-wpv-view-layout-22462\" data-viewnumber=\"22462\" data-pagination=\"{&quot;id&quot;:22462,&quot;query&quot;:&quot;normal&quot;,&quot;type&quot;:&quot;disabled&quot;,&quot;effect&quot;:&quot;fade&quot;,&quot;duration&quot;:500,&quot;speed&quot;:5,&quot;pause_on_hover&quot;:&quot;disabled&quot;,&quot;stop_rollover&quot;:&quot;false&quot;,&quot;cache_pages&quot;:&quot;enabled&quot;,&quot;preload_images&quot;:&quot;enabled&quot;,&quot;preload_pages&quot;:&quot;enabled&quot;,&quot;preload_reach&quot;:1,&quot;spinner&quot;:&quot;builtin&quot;,&quot;spinner_image&quot;:&quot;https:\/\/www.triathloncanada.com\/wp-content\/plugins\/wp-views\/embedded\/res\/img\/ajax-loader.gif&quot;,&quot;callback_next&quot;:&quot;&quot;,&quot;manage_history&quot;:&quot;enabled&quot;,&quot;has_controls_in_form&quot;:&quot;disabled&quot;,&quot;infinite_tolerance&quot;:&quot;0&quot;,&quot;max_pages&quot;:0,&quot;page&quot;:1,&quot;base_permalink&quot;:&quot;\/fr\/wp-json\/wp\/v2\/pages\/3543?wpv_view_count=22462&amp;wpv_paged=WPV_PAGE_NUM&quot;,&quot;loop&quot;:{&quot;type&quot;:&quot;&quot;,&quot;name&quot;:&quot;&quot;,&quot;data&quot;:[],&quot;id&quot;:0}}\" data-permalink=\"\/fr\/wp-json\/wp\/v2\/pages\/3543?wpv_view_count=22462\">\n\n\t\n\t\n<div class=\"athlete-grid\">\n\t\t\n       <div class=\"athlete-single-item\">\n         <div class=\"athlete-thumb\"><a href=\"https:\/\/www.triathloncanada.com\/fr\/athlete-bio\/beatrice-filion\/\"><\/a><\/div>\n         <div class=\"athlete-mapleleaf\">\n           <img decoding=\"async\" src=\"\/wp-content\/uploads\/team-overlay-leaf-80.png\">\n         <\/div>\n       <div class=\"athlete-info\">\n         <div class=\"athlete-arrow\"><a href=\"https:\/\/www.triathloncanada.com\/fr\/athlete-bio\/beatrice-filion\/\"><i class=\"fa fa-arrow-circle-o-right\"><\/i><\/a><\/div>\n         <h5>\u00c9quipe nationale de d\u00e9veloppement<\/h5>\n         <a href=\"https:\/\/www.triathloncanada.com\/fr\/athlete-bio\/beatrice-filion\/\"><h3>B\u00e9atrice Filion<\/h3><\/a>\n         <\/div>\n          <\/div>\n\t\t\n       <div class=\"athlete-single-item\">\n         <div class=\"athlete-thumb\"><a href=\"https:\/\/www.triathloncanada.com\/fr\/athlete-bio\/blake-harris\/\"><\/a><\/div>\n         <div class=\"athlete-mapleleaf\">\n           <img decoding=\"async\" src=\"\/wp-content\/uploads\/team-overlay-leaf-80.png\">\n         <\/div>\n       <div class=\"athlete-info\">\n         <div class=\"athlete-arrow\"><a href=\"https:\/\/www.triathloncanada.com\/fr\/athlete-bio\/blake-harris\/\"><i class=\"fa fa-arrow-circle-o-right\"><\/i><\/a><\/div>\n         <h5>\u00c9quipe nationale de d\u00e9veloppement<\/h5>\n         <a href=\"https:\/\/www.triathloncanada.com\/fr\/athlete-bio\/blake-harris\/\"><h3>Blake Harris<\/h3><\/a>\n         <\/div>\n          <\/div>\n\t\t\n       <div class=\"athlete-single-item\">\n         <div class=\"athlete-thumb\"><a href=\"https:\/\/www.triathloncanada.com\/fr\/athlete-bio\/brooke-rouselle\/\"><img loading=\"lazy\" decoding=\"async\" width=\"1024\" height=\"1024\" src=\"https:\/\/www.triathloncanada.com\/wp-content\/uploads\/Brooke-1-1024x1024.jpeg\" class=\"attachment-large size-large wp-post-image\" alt=\"\" srcset=\"https:\/\/www.triathloncanada.com\/wp-content\/uploads\/Brooke-1-980x980.jpeg 980w, https:\/\/www.triathloncanada.com\/wp-content\/uploads\/Brooke-1-480x480.jpeg 480w\" sizes=\"(min-width: 0px) and (max-width: 480px) 480px, (min-width: 481px) and (max-width: 980px) 980px, (min-width: 981px) 1024px, 100vw\" \/><\/a><\/div>\n         <div class=\"athlete-mapleleaf\">\n           <img decoding=\"async\" src=\"\/wp-content\/uploads\/team-overlay-leaf-80.png\">\n         <\/div>\n       <div class=\"athlete-info\">\n         <div class=\"athlete-arrow\"><a href=\"https:\/\/www.triathloncanada.com\/fr\/athlete-bio\/brooke-rouselle\/\"><i class=\"fa fa-arrow-circle-o-right\"><\/i><\/a><\/div>\n         <h5>\u00c9quipe nationale de d\u00e9veloppement<\/h5>\n         <a href=\"https:\/\/www.triathloncanada.com\/fr\/athlete-bio\/brooke-rouselle\/\"><h3>Brooke Rouselle<\/h3><\/a>\n         <\/div>\n          <\/div>\n\t\t\n       <div class=\"athlete-single-item\">\n         <div class=\"athlete-thumb\"><a href=\"https:\/\/www.triathloncanada.com\/fr\/athlete-bio\/henry-bristol\/\"><img loading=\"lazy\" decoding=\"async\" width=\"240\" height=\"240\" src=\"https:\/\/www.triathloncanada.com\/wp-content\/uploads\/Henry-Bristol-Headshot-rotated-e1774565905258.jpeg\" class=\"attachment-large size-large wp-post-image\" alt=\"\" srcset=\"https:\/\/www.triathloncanada.com\/wp-content\/uploads\/Henry-Bristol-Headshot-rotated-e1774565905258.jpeg 240w, https:\/\/www.triathloncanada.com\/wp-content\/uploads\/Henry-Bristol-Headshot-rotated-e1774565905258-150x150.jpeg 150w\" sizes=\"(max-width: 240px) 100vw, 240px\" \/><\/a><\/div>\n         <div class=\"athlete-mapleleaf\">\n           <img decoding=\"async\" src=\"\/wp-content\/uploads\/team-overlay-leaf-80.png\">\n         <\/div>\n       <div class=\"athlete-info\">\n         <div class=\"athlete-arrow\"><a href=\"https:\/\/www.triathloncanada.com\/fr\/athlete-bio\/henry-bristol\/\"><i class=\"fa fa-arrow-circle-o-right\"><\/i><\/a><\/div>\n         <h5>\u00c9quipe nationale de d\u00e9veloppement<\/h5>\n         <a href=\"https:\/\/www.triathloncanada.com\/fr\/athlete-bio\/henry-bristol\/\"><h3>Henry Bristol<\/h3><\/a>\n         <\/div>\n          <\/div>\n\t\t\n       <div class=\"athlete-single-item\">\n         <div class=\"athlete-thumb\"><a href=\"https:\/\/www.triathloncanada.com\/fr\/athlete-bio\/isla-britton\/\"><img loading=\"lazy\" decoding=\"async\" width=\"1024\" height=\"1024\" src=\"https:\/\/www.triathloncanada.com\/wp-content\/uploads\/EDIN5242-1024x1024.jpg\" class=\"attachment-large size-large wp-post-image\" alt=\"\" srcset=\"https:\/\/www.triathloncanada.com\/wp-content\/uploads\/EDIN5242-980x980.jpg 980w, https:\/\/www.triathloncanada.com\/wp-content\/uploads\/EDIN5242-480x480.jpg 480w\" sizes=\"(min-width: 0px) and (max-width: 480px) 480px, (min-width: 481px) and (max-width: 980px) 980px, (min-width: 981px) 1024px, 100vw\" \/><\/a><\/div>\n         <div class=\"athlete-mapleleaf\">\n           <img decoding=\"async\" src=\"\/wp-content\/uploads\/team-overlay-leaf-80.png\">\n         <\/div>\n       <div class=\"athlete-info\">\n         <div class=\"athlete-arrow\"><a href=\"https:\/\/www.triathloncanada.com\/fr\/athlete-bio\/isla-britton\/\"><i class=\"fa fa-arrow-circle-o-right\"><\/i><\/a><\/div>\n         <h5>\u00c9quipe nationale de d\u00e9veloppement<\/h5>\n         <a href=\"https:\/\/www.triathloncanada.com\/fr\/athlete-bio\/isla-britton\/\"><h3>Isla Britton<\/h3><\/a>\n         <\/div>\n          <\/div>\n\t\t\n       <div class=\"athlete-single-item\">\n         <div class=\"athlete-thumb\"><a href=\"https:\/\/www.triathloncanada.com\/fr\/athlete-bio\/kira-gupta-baltazar\/\"><img loading=\"lazy\" decoding=\"async\" width=\"1024\" height=\"1024\" src=\"https:\/\/www.triathloncanada.com\/wp-content\/uploads\/Kira.png\" class=\"attachment-large size-large wp-post-image\" alt=\"\" srcset=\"https:\/\/www.triathloncanada.com\/wp-content\/uploads\/Kira.png 1024w, https:\/\/www.triathloncanada.com\/wp-content\/uploads\/Kira-980x980.png 980w, https:\/\/www.triathloncanada.com\/wp-content\/uploads\/Kira-480x480.png 480w\" sizes=\"(min-width: 0px) and (max-width: 480px) 480px, (min-width: 481px) and (max-width: 980px) 980px, (min-width: 981px) 1024px, 100vw\" \/><\/a><\/div>\n         <div class=\"athlete-mapleleaf\">\n           <img decoding=\"async\" src=\"\/wp-content\/uploads\/team-overlay-leaf-80.png\">\n         <\/div>\n       <div class=\"athlete-info\">\n         <div class=\"athlete-arrow\"><a href=\"https:\/\/www.triathloncanada.com\/fr\/athlete-bio\/kira-gupta-baltazar\/\"><i class=\"fa fa-arrow-circle-o-right\"><\/i><\/a><\/div>\n         <h5>\u00c9quipe nationale de d\u00e9veloppement<\/h5>\n         <a href=\"https:\/\/www.triathloncanada.com\/fr\/athlete-bio\/kira-gupta-baltazar\/\"><h3>Kira Gupta-Baltazar<\/h3><\/a>\n         <\/div>\n          <\/div>\n\t\t\n       <div class=\"athlete-single-item\">\n         <div class=\"athlete-thumb\"><a href=\"https:\/\/www.triathloncanada.com\/fr\/athlete-bio\/leandre-binette\/\"><img loading=\"lazy\" decoding=\"async\" width=\"1024\" height=\"1024\" src=\"https:\/\/www.triathloncanada.com\/wp-content\/uploads\/Leandre-1024x1024.jpeg\" class=\"attachment-large size-large wp-post-image\" alt=\"\" srcset=\"https:\/\/www.triathloncanada.com\/wp-content\/uploads\/Leandre-980x980.jpeg 980w, https:\/\/www.triathloncanada.com\/wp-content\/uploads\/Leandre-480x480.jpeg 480w\" sizes=\"(min-width: 0px) and (max-width: 480px) 480px, (min-width: 481px) and (max-width: 980px) 980px, (min-width: 981px) 1024px, 100vw\" \/><\/a><\/div>\n         <div class=\"athlete-mapleleaf\">\n           <img decoding=\"async\" src=\"\/wp-content\/uploads\/team-overlay-leaf-80.png\">\n         <\/div>\n       <div class=\"athlete-info\">\n         <div class=\"athlete-arrow\"><a href=\"https:\/\/www.triathloncanada.com\/fr\/athlete-bio\/leandre-binette\/\"><i class=\"fa fa-arrow-circle-o-right\"><\/i><\/a><\/div>\n         <h5>\u00c9quipe nationale de d\u00e9veloppement<\/h5>\n         <a href=\"https:\/\/www.triathloncanada.com\/fr\/athlete-bio\/leandre-binette\/\"><h3>L\u00e9andre Binette<\/h3><\/a>\n         <\/div>\n          <\/div>\n\t\t\n       <div class=\"athlete-single-item\">\n         <div class=\"athlete-thumb\"><a href=\"https:\/\/www.triathloncanada.com\/fr\/athlete-bio\/molly-lakustiak\/\"><img loading=\"lazy\" decoding=\"async\" width=\"1024\" height=\"1024\" src=\"https:\/\/www.triathloncanada.com\/wp-content\/uploads\/molly-1024x1024.png\" class=\"attachment-large size-large wp-post-image\" alt=\"\" srcset=\"https:\/\/www.triathloncanada.com\/wp-content\/uploads\/molly-980x980.png 980w, https:\/\/www.triathloncanada.com\/wp-content\/uploads\/molly-480x480.png 480w\" sizes=\"(min-width: 0px) and (max-width: 480px) 480px, (min-width: 481px) and (max-width: 980px) 980px, (min-width: 981px) 1024px, 100vw\" \/><\/a><\/div>\n         <div class=\"athlete-mapleleaf\">\n           <img decoding=\"async\" src=\"\/wp-content\/uploads\/team-overlay-leaf-80.png\">\n         <\/div>\n       <div class=\"athlete-info\">\n         <div class=\"athlete-arrow\"><a href=\"https:\/\/www.triathloncanada.com\/fr\/athlete-bio\/molly-lakustiak\/\"><i class=\"fa fa-arrow-circle-o-right\"><\/i><\/a><\/div>\n         <h5>\u00c9quipe nationale de d\u00e9veloppement<\/h5>\n         <a href=\"https:\/\/www.triathloncanada.com\/fr\/athlete-bio\/molly-lakustiak\/\"><h3>Molly Lakustiak<\/h3><\/a>\n         <\/div>\n          <\/div>\n\t\t\n       <div class=\"athlete-single-item\">\n         <div class=\"athlete-thumb\"><a href=\"https:\/\/www.triathloncanada.com\/fr\/athlete-bio\/robi-racine\/\"><\/a><\/div>\n         <div class=\"athlete-mapleleaf\">\n           <img decoding=\"async\" src=\"\/wp-content\/uploads\/team-overlay-leaf-80.png\">\n         <\/div>\n       <div class=\"athlete-info\">\n         <div class=\"athlete-arrow\"><a href=\"https:\/\/www.triathloncanada.com\/fr\/athlete-bio\/robi-racine\/\"><i class=\"fa fa-arrow-circle-o-right\"><\/i><\/a><\/div>\n         <h5>\u00c9quipe nationale de d\u00e9veloppement<\/h5>\n         <a href=\"https:\/\/www.triathloncanada.com\/fr\/athlete-bio\/robi-racine\/\"><h3>Robi Racine<\/h3><\/a>\n         <\/div>\n          <\/div>\n\t\t\n       <div class=\"athlete-single-item\">\n         <div class=\"athlete-thumb\"><a href=\"https:\/\/www.triathloncanada.com\/fr\/athlete-bio\/sidney-clement\/\"><img loading=\"lazy\" decoding=\"async\" width=\"1024\" height=\"1024\" src=\"https:\/\/www.triathloncanada.com\/wp-content\/uploads\/sid-1024x1024.jpg\" class=\"attachment-large size-large wp-post-image\" alt=\"\" srcset=\"https:\/\/www.triathloncanada.com\/wp-content\/uploads\/sid-980x980.jpg 980w, https:\/\/www.triathloncanada.com\/wp-content\/uploads\/sid-480x480.jpg 480w\" sizes=\"(min-width: 0px) and (max-width: 480px) 480px, (min-width: 481px) and (max-width: 980px) 980px, (min-width: 981px) 1024px, 100vw\" \/><\/a><\/div>\n         <div class=\"athlete-mapleleaf\">\n           <img decoding=\"async\" src=\"\/wp-content\/uploads\/team-overlay-leaf-80.png\">\n         <\/div>\n       <div class=\"athlete-info\">\n         <div class=\"athlete-arrow\"><a href=\"https:\/\/www.triathloncanada.com\/fr\/athlete-bio\/sidney-clement\/\"><i class=\"fa fa-arrow-circle-o-right\"><\/i><\/a><\/div>\n         <h5>\u00c9quipe nationale de d\u00e9veloppement<\/h5>\n         <a href=\"https:\/\/www.triathloncanada.com\/fr\/athlete-bio\/sidney-clement\/\"><h3>Sidney Clement<\/h3><\/a>\n         <\/div>\n          <\/div>\n\t\t\n<\/div>\n\t\n\t\n\t\n<\/div>\n[\/et_pb_text][\/et_pb_column][\/et_pb_row][\/et_pb_section][et_pb_section fb_built=\u00a0\u00bb1&Prime; admin_label=\u00a0\u00bbNewsletter signup\u00a0\u00bb _builder_version=\u00a0\u00bb4.16&Prime; _module_preset=\u00a0\u00bbdefault\u00a0\u00bb background_color=\u00a0\u00bb#e12424&Prime; global_colors_info=\u00a0\u00bb{}\u00a0\u00bb][et_pb_row column_structure=\u00a0\u00bb1_2,1_2&Prime; _builder_version=\u00a0\u00bb4.16&Prime; _module_preset=\u00a0\u00bbdefault\u00a0\u00bb global_colors_info=\u00a0\u00bb{}\u00a0\u00bb][et_pb_column type=\u00a0\u00bb1_2&Prime; _builder_version=\u00a0\u00bb4.16&Prime; _module_preset=\u00a0\u00bbdefault\u00a0\u00bb global_colors_info=\u00a0\u00bb{}\u00a0\u00bb][et_pb_text _builder_version=\u00a0\u00bb4.16&Prime; _module_preset=\u00a0\u00bbdefault\u00a0\u00bb text_font=\u00a0\u00bb|||on|||||\u00a0\u00bb text_text_color=\u00a0\u00bb#FFFFFF\u00a0\u00bb text_font_size=\u00a0\u00bb22px\u00a0\u00bb text_line_height=\u00a0\u00bb1.3em\u00a0\u00bb background_layout=\u00a0\u00bbdark\u00a0\u00bb text_orientation_tablet=\u00a0\u00bbcenter\u00a0\u00bb text_orientation_phone=\u00a0\u00bbcenter\u00a0\u00bb text_orientation_last_edited=\u00a0\u00bbon|phone\u00a0\u00bb global_colors_info=\u00a0\u00bb{}\u00a0\u00bb]<\/p>\n<p><strong>Nation Triathlon Canada. Nous voulons. Nous pouvons.<\/strong> Ne manquez jamais une mise \u00e0 jour.<\/p>\n<p>[\/et_pb_text][\/et_pb_column][et_pb_column type=\u00a0\u00bb1_2&Prime; _builder_version=\u00a0\u00bb4.16&Prime; _module_preset=\u00a0\u00bbdefault\u00a0\u00bb global_colors_info=\u00a0\u00bb{}\u00a0\u00bb][et_pb_text _builder_version=\u00a0\u00bb4.16&Prime; _module_preset=\u00a0\u00bbdefault\u00a0\u00bb text_orientation_tablet=\u00a0\u00bbcenter\u00a0\u00bb text_orientation_phone=\u00a0\u00bbcenter\u00a0\u00bb text_orientation_last_edited=\u00a0\u00bbon|phone\u00a0\u00bb global_colors_info=\u00a0\u00bb{}\u00a0\u00bb]<\/p>\n<script>(function() {\n\twindow.mc4wp = window.mc4wp || {\n\t\tlisteners: [],\n\t\tforms: {\n\t\t\ton: function(evt, cb) {\n\t\t\t\twindow.mc4wp.listeners.push(\n\t\t\t\t\t{\n\t\t\t\t\t\tevent   : evt,\n\t\t\t\t\t\tcallback: cb\n\t\t\t\t\t}\n\t\t\t\t);\n\t\t\t}\n\t\t}\n\t}\n})();\n<\/script><!-- Mailchimp for WordPress v4.12.2 - https:\/\/wordpress.org\/plugins\/mailchimp-for-wp\/ --><form id=\"mc4wp-form-1\" class=\"mc4wp-form mc4wp-form-8 mc4wp-ajax\" method=\"post\" data-id=\"8\" data-name=\"Sign-Up Form #1\" ><div class=\"mc4wp-form-fields\"><p><input type=\"email\" id=\"mc4wp_email\" name=\"EMAIL\" required placeholder=\"email\"\/><input type=\"submit\" class=\"et_pb_button\" value=\"SUBSCRIBE\" \/><\/p><\/div><label style=\"display: none !important;\">Laissez ce champ vide si vous \u00eates humain\u00a0: <input type=\"text\" name=\"_mc4wp_honeypot\" value=\"\" tabindex=\"-1\" autocomplete=\"off\" \/><\/label><input type=\"hidden\" name=\"_mc4wp_timestamp\" value=\"1777305000\" \/><input type=\"hidden\" name=\"_mc4wp_form_id\" value=\"8\" \/><input type=\"hidden\" name=\"_mc4wp_form_element_id\" value=\"mc4wp-form-1\" \/><div class=\"mc4wp-response\"><\/div><\/form><!-- \/ Mailchimp for WordPress Plugin -->\n<p>[\/et_pb_text][\/et_pb_column][\/et_pb_row][\/et_pb_section][et_pb_section fb_built=\u00a0\u00bb1&Prime; custom_padding_last_edited=\u00a0\u00bbon|desktop\u00a0\u00bb _builder_version=\u00a0\u00bb4.16&Prime; custom_padding=\u00a0\u00bb||0px|\u00a0\u00bb custom_padding_tablet=\u00a0\u00bb0px||0px|\u00a0\u00bb custom_padding_phone=\u00a0\u00bb\u00a0\u00bb transparent_background=\u00a0\u00bboff\u00a0\u00bb make_fullwidth=\u00a0\u00bboff\u00a0\u00bb use_custom_width=\u00a0\u00bboff\u00a0\u00bb width_unit=\u00a0\u00bbon\u00a0\u00bb global_module=\u00a0\u00bb452&Prime; global_colors_info=\u00a0\u00bb{}\u00a0\u00bb][et_pb_row make_equal=\u00a0\u00bbon\u00a0\u00bb module_class=\u00a0\u00bbwidth100&Prime; _builder_version=\u00a0\u00bb4.16&Prime; background_size=\u00a0\u00bbinitial\u00a0\u00bb background_position=\u00a0\u00bbtop_left\u00a0\u00bb background_repeat=\u00a0\u00bbrepeat\u00a0\u00bb width=\u00a0\u00bb100%\u00a0\u00bb max_width=\u00a0\u00bb100%\u00a0\u00bb custom_padding=\u00a0\u00bb0px|0px|0px|0px\u00a0\u00bb make_fullwidth=\u00a0\u00bbon\u00a0\u00bb use_custom_width=\u00a0\u00bbon\u00a0\u00bb width_unit=\u00a0\u00bboff\u00a0\u00bb custom_width_percent=\u00a0\u00bb100%\u00a0\u00bb global_colors_info=\u00a0\u00bb{}\u00a0\u00bb][et_pb_column type=\u00a0\u00bb4_4&Prime; _builder_version=\u00a0\u00bb4.16&Prime; custom_padding=\u00a0\u00bb|||\u00a0\u00bb global_colors_info=\u00a0\u00bb{}\u00a0\u00bb custom_padding__hover=\u00a0\u00bb|||\u00a0\u00bb][et_pb_text admin_label=\u00a0\u00bbSponsors\u00a0\u00bb _builder_version=\u00a0\u00bb4.27.4&Prime; text_text_color=\u00a0\u00bb#333F48&Prime; text_font_size=\u00a0\u00bb40&Prime; background_size=\u00a0\u00bbinitial\u00a0\u00bb background_position=\u00a0\u00bbtop_left\u00a0\u00bb background_repeat=\u00a0\u00bbrepeat\u00a0\u00bb custom_padding=\u00a0\u00bb|||1%\u00a0\u00bb custom_padding_tablet=\u00a0\u00bb0.5em|||0px\u00a0\u00bb custom_padding_phone=\u00a0\u00bb0.5em|||8%\u00a0\u00bb custom_padding_last_edited=\u00a0\u00bbon|phone\u00a0\u00bb use_border_color=\u00a0\u00bboff\u00a0\u00bb border_color=\u00a0\u00bb#ffffff\u00a0\u00bb border_style=\u00a0\u00bbsolid\u00a0\u00bb global_colors_info=\u00a0\u00bb{}\u00a0\u00bb]<\/p>\n<p>Commanditaires<\/p>\n<p>[\/et_pb_text] <div class=\"sb-slick-carousel sb-slick-carousel-3849  et_pb_slick_0\">\n\t\t\t\t\t\t\t<div class=\" et_pb_slick_slide_0 image100_content100\"><div class=\"slide-image\"><a href=\"http:\/\/www.pch.gc.ca\/eng\/1266246552427\" target=\"_blank\"><img decoding=\"async\" src=\"https:\/\/www.triathloncanada.com\/wp-content\/uploads\/canada-2.png\" \/><\/a><\/div><\/div><div class=\" et_pb_slick_slide_1 image100_content100\"><div class=\"slide-image\"><a href=\"http:\/\/ownthepodium.org\/\" target=\"_blank\"><img decoding=\"async\" src=\"https:\/\/www.triathloncanada.com\/wp-content\/uploads\/own-the-podium-2.png\" \/><\/a><\/div><\/div><div class=\" et_pb_slick_slide_2 image100_content100\"><div class=\"slide-image\"><a href=\"http:\/\/www.victoria.ca\/\" target=\"_blank\"><img decoding=\"async\" src=\"https:\/\/www.triathloncanada.com\/wp-content\/uploads\/city-of-victoria-2.png\" \/><\/a><\/div><\/div><div class=\" et_pb_slick_slide_3 image100_content100\"><div class=\"slide-image\"><a href=\"http:\/\/olympic.ca\/\" target=\"_blank\"><img decoding=\"async\" src=\"https:\/\/www.triathloncanada.com\/wp-content\/uploads\/canadian-olympic-committee-2.png\" \/><\/a><\/div><\/div><div class=\" et_pb_slick_slide_4 image100_content100\"><div class=\"slide-image\"><a href=\"http:\/\/www.paralympic.ca\/\" target=\"_blank\"><img decoding=\"async\" src=\"https:\/\/www.triathloncanada.com\/wp-content\/uploads\/canadian-paralympic-committee-2.png\" \/><\/a><\/div><\/div><div class=\" et_pb_slick_slide_5 image100_content100\"><div class=\"slide-image\"><a href=\"https:\/\/www.champ-sys.ca\/\" target=\"_blank\"><img decoding=\"async\" src=\"https:\/\/www.triathloncanada.com\/wp-content\/uploads\/Champion-Systems-Logo_Colour.jpg\" \/><\/a><\/div><\/div><div class=\" et_pb_slick_slide_6 image100_content100\"><div class=\"slide-image\"><a href=\"https:\/\/bocogear.ca\/\" target=\"_blank\"><img decoding=\"async\" src=\"https:\/\/www.triathloncanada.com\/wp-content\/uploads\/Boco-Gear-Logo_Colour.jpg\" \/><\/a><\/div><\/div><div class=\" et_pb_slick_slide_7 image100_content100\"><div class=\"slide-image\"><a href=\"https:\/\/www.z3r0d.com\/en\/\" target=\"_blank\"><img decoding=\"async\" src=\"https:\/\/www.triathloncanada.com\/wp-content\/uploads\/ZEROD.jpg\" \/><\/a><\/div><\/div><div class=\" et_pb_slick_slide_8 image100_content100\"><div class=\"slide-image\"><a href=\"https:\/\/outway.com\/\" target=\"_blank\"><img decoding=\"async\" src=\"https:\/\/www.triathloncanada.com\/wp-content\/uploads\/Outway-Logo_Blk.jpg\" \/><\/a><\/div><\/div><div class=\" et_pb_slick_slide_9 image100_content100\"><div class=\"slide-image\"><a href=\"http:\/\/home.trainingpeaks.com\/\" target=\"_blank\"><img decoding=\"async\" src=\"https:\/\/www.triathloncanada.com\/wp-content\/uploads\/training-peaks-2.png\" \/><\/a><\/div><\/div><div class=\" et_pb_slick_slide_10 image100_content100\"><div class=\"slide-image\"><a href=\"https:\/\/sciconsports.com\/ca_en\/\" target=\"_blank\"><img decoding=\"async\" src=\"https:\/\/www.triathloncanada.com\/wp-content\/uploads\/SCICON-Logo_Blk.jpg\" \/><\/a><\/div><\/div><div class=\" et_pb_slick_slide_11 image100_content100\"><div class=\"slide-image\"><a href=\"https:\/\/www.zizuoptics.com\/\" target=\"_blank\"><img decoding=\"async\" src=\"https:\/\/www.triathloncanada.com\/wp-content\/uploads\/Zizu-Optics-Logo_Colour.jpg\" \/><\/a><\/div><\/div><div class=\" et_pb_slick_slide_12 image100_content100\"><div class=\"slide-image\"><a href=\"http:\/\/triathlon.org\/\" target=\"_blank\"><img decoding=\"async\" src=\"https:\/\/www.triathloncanada.com\/wp-content\/uploads\/World-Triathlon-Logo_Colour.jpg\" \/><\/a><\/div><\/div><div class=\" et_pb_slick_slide_13 image100_content100\"><div class=\"slide-image\"><a href=\"http:\/\/americas.triathlon.org\/federations\/\" target=\"_blank\"><img decoding=\"async\" src=\"https:\/\/www.triathloncanada.com\/wp-content\/uploads\/americas.jpg\" \/><\/a><\/div><\/div><div class=\" et_pb_slick_slide_14 image100_content100\"><div class=\"slide-image\"><a href=\"http:\/\/cces.ca\/\" target=\"_blank\"><img decoding=\"async\" src=\"https:\/\/www.triathloncanada.com\/wp-content\/uploads\/canadian-centre-for-ethics-in-sport-2.png\" \/><\/a><\/div><\/div><div class=\" et_pb_slick_slide_15 image100_content100\"><div class=\"slide-image\"><a href=\"http:\/\/www.commonwealthgames.ca\/\" target=\"_blank\"><img decoding=\"async\" src=\"https:\/\/www.triathloncanada.com\/wp-content\/uploads\/commonwealth-games-canada-2.png\" \/><\/a><\/div><\/div><div class=\" et_pb_slick_slide_16 image100_content100\"><div class=\"slide-image\"><a href=\"http:\/\/www.coach.ca\/\" target=\"_blank\"><img decoding=\"async\" src=\"https:\/\/www.triathloncanada.com\/wp-content\/uploads\/coach-2.png\" \/><\/a><\/div><\/div><div class=\" et_pb_slick_slide_17 image100_content100\"><div class=\"slide-image\"><a href=\"https:\/\/www.csipacific.ca\/\" target=\"_blank\"><img decoding=\"async\" src=\"https:\/\/www.triathloncanada.com\/wp-content\/uploads\/CSI.png\" \/><\/a><\/div><\/div><div class=\" et_pb_slick_slide_18 image100_content100\"><div class=\"slide-image\"><a href=\"https:\/\/tribesolutions.com\/\" target=\"_blank\"><img decoding=\"async\" src=\"https:\/\/www.triathloncanada.com\/wp-content\/uploads\/TRIBE-Solutions_logo-1.jpg\" \/><\/a><\/div><\/div><div class=\" et_pb_slick_slide_19 image100_content100\"><div class=\"slide-image\"><a href=\"https:\/\/www.myvelofit.com\/?aid=TriCan\" target=\"_blank\"><img decoding=\"async\" src=\"https:\/\/www.triathloncanada.com\/wp-content\/uploads\/MyVeloFit.png\" \/><\/a><\/div><\/div><div class=\" et_pb_slick_slide_20 image100_content100\"><div class=\"slide-image\"><img decoding=\"async\" src=\"https:\/\/www.triathloncanada.com\/wp-content\/uploads\/Austral_logo.jpg\" \/><\/div><\/div><div class=\" et_pb_slick_slide_21 image100_content100\"><div class=\"slide-image\"><img decoding=\"async\" src=\"https:\/\/www.triathloncanada.com\/wp-content\/uploads\/Nirvana_LogoStrap_RGB.jpg\" \/><\/div><\/div>\n\t\t\t\t\t\t    <\/div><script>\n\t\t\t\t\t\t    jQuery(document).ready(function(){\n\t\t\t\t\t\t\tjQuery('.sb-slick-carousel-3849.sb-slick-carousel').slick({\"arrows\":false,\"dots\":false,\"speed\":1000,\"slidesToScroll\":8,\"slidesToShow\":10,\"pauseOnHover\":true,\"adaptiveHeight\":true,\"autoplay\":true,\"autoplaySpeed\":6000,\"responsive\":[{\"breakpoint\":782,\"settings\":{\"slidesToShow\":3}},{\"breakpoint\":471,\"settings\":{\"slidesToShow\":1,\"slidesToScroll\":1}}]});\n\t\t\t\t\t\t    });\n\t\t\t\t\t\t    <\/script>[\/et_pb_column][\/et_pb_row][\/et_pb_section][et_pb_section fb_built=\u00a0\u00bb1&Prime; admin_label=\u00a0\u00bbsection\u00a0\u00bb _builder_version=\u00a0\u00bb4.16&Prime; background_color=\u00a0\u00bb#333f48&Prime; z_index_tablet=\u00a0\u00bb500&Prime; global_module=\u00a0\u00bb4136&Prime; locked=\u00a0\u00bboff\u00a0\u00bb global_colors_info=\u00a0\u00bb{}\u00a0\u00bb][et_pb_row column_structure=\u00a0\u00bb1_3,1_3,1_3&Prime; use_custom_gutter=\u00a0\u00bbon\u00a0\u00bb gutter_width=\u00a0\u00bb3&Prime; _builder_version=\u00a0\u00bb4.16&Prime; background_size=\u00a0\u00bbinitial\u00a0\u00bb background_position=\u00a0\u00bbtop_left\u00a0\u00bb background_repeat=\u00a0\u00bbrepeat\u00a0\u00bb max_width=\u00a0\u00bb1080px\u00a0\u00bb make_fullwidth=\u00a0\u00bboff\u00a0\u00bb use_custom_width=\u00a0\u00bboff\u00a0\u00bb width_unit=\u00a0\u00bbon\u00a0\u00bb locked=\u00a0\u00bboff\u00a0\u00bb global_colors_info=\u00a0\u00bb{}\u00a0\u00bb][et_pb_column type=\u00a0\u00bb1_3&Prime; _builder_version=\u00a0\u00bb4.16&Prime; custom_padding=\u00a0\u00bb|||\u00a0\u00bb global_colors_info=\u00a0\u00bb{}\u00a0\u00bb custom_padding__hover=\u00a0\u00bb|||\u00a0\u00bb][et_pb_image src=\u00a0\u00bbhttps:\/\/www.triathloncanada.com\/wp-content\/uploads\/logo-red.png\u00a0\u00bb alt=\u00a0\u00bbTriathlon Canada\u00a0\u00bb show_bottom_space=\u00a0\u00bboff\u00a0\u00bb align=\u00a0\u00bbcenter\u00a0\u00bb align_tablet=\u00a0\u00bbcenter\u00a0\u00bb align_phone=\u00a0\u00bb\u00a0\u00bb align_last_edited=\u00a0\u00bbon|desktop\u00a0\u00bb _builder_version=\u00a0\u00bb4.16&Prime; max_width=\u00a0\u00bb90%\u00a0\u00bb animation=\u00a0\u00bboff\u00a0\u00bb use_border_color=\u00a0\u00bboff\u00a0\u00bb border_color=\u00a0\u00bb#ffffff\u00a0\u00bb border_style=\u00a0\u00bbsolid\u00a0\u00bb sticky=\u00a0\u00bbon\u00a0\u00bb always_center_on_mobile=\u00a0\u00bbon\u00a0\u00bb global_colors_info=\u00a0\u00bb{}\u00a0\u00bb][\/et_pb_image][et_pb_text _builder_version=\u00a0\u00bb4.19.4&Prime; text_letter_spacing=\u00a0\u00bb0&Prime; text_line_height=\u00a0\u00bb1.4&Prime; header_font_size=\u00a0\u00bb30&Prime; header_letter_spacing=\u00a0\u00bb0&Prime; header_line_height=\u00a0\u00bb1&Prime; background_size=\u00a0\u00bbinitial\u00a0\u00bb background_position=\u00a0\u00bbtop_left\u00a0\u00bb background_repeat=\u00a0\u00bbrepeat\u00a0\u00bb text_orientation=\u00a0\u00bbcenter\u00a0\u00bb background_layout=\u00a0\u00bbdark\u00a0\u00bb module_alignment=\u00a0\u00bbcenter\u00a0\u00bb custom_margin=\u00a0\u00bb2em|||\u00a0\u00bb text_letter_spacing_tablet=\u00a0\u00bb0&Prime; text_letter_spacing_phone=\u00a0\u00bb0&Prime; text_line_height_tablet=\u00a0\u00bb1.4&Prime; text_line_height_phone=\u00a0\u00bb1.4&Prime; header_font_size_tablet=\u00a0\u00bb30&Prime; header_font_size_phone=\u00a0\u00bb30&Prime; header_letter_spacing_tablet=\u00a0\u00bb0&Prime; header_letter_spacing_phone=\u00a0\u00bb0&Prime; header_line_height_tablet=\u00a0\u00bb1&Prime; header_line_height_phone=\u00a0\u00bb1&Prime; use_border_color=\u00a0\u00bboff\u00a0\u00bb border_color=\u00a0\u00bb#ffffff\u00a0\u00bb border_width=\u00a0\u00bb1&Prime; border_style=\u00a0\u00bbsolid\u00a0\u00bb global_colors_info=\u00a0\u00bb{}\u00a0\u00bb]<\/p>\n<p>La ligne de d\u00e9part officielle pour le triathlon au Canada, menant certains sur le chemin du podium et inspirant les autres \u00e0 r\u00e9aliser leurs meilleures performances.<\/p>\n<p>[\/et_pb_text][\/et_pb_column][et_pb_column type=\u00a0\u00bb1_3&Prime; _builder_version=\u00a0\u00bb4.16&Prime; custom_padding=\u00a0\u00bb|||5%\u00a0\u00bb global_colors_info=\u00a0\u00bb{}\u00a0\u00bb custom_padding__hover=\u00a0\u00bb|||\u00a0\u00bb][et_pb_text admin_label=\u00a0\u00bbAddress\u00a0\u00bb _builder_version=\u00a0\u00bb4.19.4&Prime; text_line_height=\u00a0\u00bb1.4&Prime; header_font_size=\u00a0\u00bb30&Prime; background_layout=\u00a0\u00bbdark\u00a0\u00bb z_index_tablet=\u00a0\u00bb500&Prime; global_colors_info=\u00a0\u00bb{}\u00a0\u00bb]<\/p>\n<p><span style=\"color: #e1292f;\"><strong>Bureau national de<\/strong><\/span><br \/><span style=\"color: #e1292f;\"><strong>Triathlon Canada<\/strong><\/span><br \/>1925 rue Blanshard, bureau 121<br \/>Victoria, Colombie-Britannique<br \/>Canada \u00a0V8T 4J2<br \/>T\u00e9l\u00e9phone : 250.412.1795<br \/>T\u00e9l\u00e9c. : 250.412.1794<br \/><span class=\"white\">info@triathloncanada.com<\/span><br \/>Heures de bureau: 9h00 \u00e0 17h00 (heure du Pacifique)<br \/><a class=\"no-border\" href=\"https:\/\/www.facebook.com\/Triathlon-Canada-148631098541373\" target=\"_blank\" rel=\"noopener noreferrer\"><i class=\"et_social_icon et_social_icon_facebook inline\"><\/i><\/a>&nbsp;&nbsp;<a class=\"no-border\" href=\"https:\/\/twitter.com\/TriathlonCanada\" target=\"_blank\" rel=\"noopener noreferrer\"><i class=\"et_social_icon et_social_icon_twitter inline\"><\/i><\/a>&nbsp;&nbsp;<a class=\"no-border\" href=\"https:\/\/www.instagram.com\/triathloncanada\/\" target=\"_blank\" rel=\"noopener noreferrer\"><i class=\"et_social_icon et_social_icon_instagram inline\"><\/i><\/a><\/p>\n<p>[\/et_pb_text][\/et_pb_column][et_pb_column type=\u00a0\u00bb1_3&Prime; _builder_version=\u00a0\u00bb4.16&Prime; custom_padding=\u00a0\u00bb|||\u00a0\u00bb global_colors_info=\u00a0\u00bb{}\u00a0\u00bb custom_padding__hover=\u00a0\u00bb|||\u00a0\u00bb][et_pb_text admin_label=\u00a0\u00bbProvincial partners\u00a0\u00bb _builder_version=\u00a0\u00bb4.19.5&Prime; background_size=\u00a0\u00bbinitial\u00a0\u00bb background_position=\u00a0\u00bbtop_left\u00a0\u00bb background_repeat=\u00a0\u00bbrepeat\u00a0\u00bb use_border_color=\u00a0\u00bboff\u00a0\u00bb border_color=\u00a0\u00bb#ffffff\u00a0\u00bb border_style=\u00a0\u00bbsolid\u00a0\u00bb global_colors_info=\u00a0\u00bb{}\u00a0\u00bb]<\/p>\n<p><strong><span style=\"color: #e1292f;\">Partenaires provinciaux<\/span><\/strong><\/p>\n<p>[\/et_pb_text][et_pb_text admin_label=\u00a0\u00bbPartners province grid\u00a0\u00bb module_class=\u00a0\u00bbprovgrid five-column\u00a0\u00bb _builder_version=\u00a0\u00bb4.19.4&Prime; text_letter_spacing=\u00a0\u00bb0&Prime; text_line_height=\u00a0\u00bb1.7&Prime; header_font_size=\u00a0\u00bb30&Prime; header_letter_spacing=\u00a0\u00bb0&Prime; header_line_height=\u00a0\u00bb1&Prime; background_size=\u00a0\u00bbinitial\u00a0\u00bb background_position=\u00a0\u00bbtop_left\u00a0\u00bb background_repeat=\u00a0\u00bbrepeat\u00a0\u00bb background_layout=\u00a0\u00bbdark\u00a0\u00bb use_border_color=\u00a0\u00bboff\u00a0\u00bb border_color=\u00a0\u00bb#ffffff\u00a0\u00bb border_width=\u00a0\u00bb1&Prime; border_style=\u00a0\u00bbsolid\u00a0\u00bb global_colors_info=\u00a0\u00bb{}\u00a0\u00bb]<\/p>\n<p><a href=\"http:\/\/www.tribc.org\/\" target=\"_blank\" rel=\"noopener noreferrer\"><img decoding=\"async\" class=\"alignnone size-full wp-image-170\" src=\"https:\/\/www.triathloncanada.com\/wp-content\/uploads\/bc-100.png\" alt=\"BC\"><\/a><a href=\"https:\/\/www.triathlonalberta.ca\/\" target=\"_blank\" rel=\"noopener noreferrer\"><img decoding=\"async\" class=\"alignnone size-full wp-image-169\" src=\"https:\/\/www.triathloncanada.com\/wp-content\/uploads\/ab-100.png\" alt=\"AB\"><\/a><a href=\"http:\/\/www.triathlonsaskatchewan.org\/\" target=\"_blank\" rel=\"noopener noreferrer\"><img decoding=\"async\" class=\"alignnone size-full wp-image-180\" src=\"https:\/\/www.triathloncanada.com\/wp-content\/uploads\/sk-100.png\" alt=\"SK\"><\/a><a href=\"http:\/\/www.triathlonmanitoba.ca\/\" target=\"_blank\" rel=\"noopener noreferrer\"><img decoding=\"async\" class=\"alignnone size-full wp-image-171\" src=\"https:\/\/www.triathloncanada.com\/wp-content\/uploads\/mb-100.png\" alt=\"MB\"><\/a><a href=\"http:\/\/www.triathlonontario.com\/\" target=\"_blank\" rel=\"noopener noreferrer\"><img decoding=\"async\" class=\"alignnone size-full wp-image-177\" src=\"https:\/\/www.triathloncanada.com\/wp-content\/uploads\/on-100.png\" alt=\"ON\"><\/a><a href=\"http:\/\/www.triathlonquebec.org\/\" target=\"_blank\" rel=\"noopener noreferrer\"><img decoding=\"async\" class=\"alignnone size-full wp-image-179\" src=\"https:\/\/www.triathloncanada.com\/wp-content\/uploads\/qc-100.png\" alt=\"QC\"><\/a><a href=\"http:\/\/www.trinb.ca\/\" target=\"_blank\" rel=\"noopener noreferrer\"><img decoding=\"async\" class=\"alignnone size-full wp-image-172\" src=\"https:\/\/www.triathloncanada.com\/wp-content\/uploads\/nb-100.png\" alt=\"NB\"><\/a><a href=\"http:\/\/www.trins.ca\/\" target=\"_blank\" rel=\"noopener noreferrer\"><img decoding=\"async\" class=\"alignnone size-full wp-image-174\" src=\"https:\/\/www.triathloncanada.com\/wp-content\/uploads\/ns-100.png\" alt=\"NS\"><\/a><a href=\"http:\/\/www.tripei.com\/\" target=\"_blank\" rel=\"noopener noreferrer\"><img decoding=\"async\" class=\"alignnone size-full wp-image-178\" src=\"https:\/\/www.triathloncanada.com\/wp-content\/uploads\/pe-100.png\" alt=\"PE\"><\/a><a href=\"http:\/\/www.trinl.com\/\" target=\"_blank\" rel=\"noopener noreferrer\"><img decoding=\"async\" class=\"alignnone size-full wp-image-173\" src=\"https:\/\/www.triathloncanada.com\/wp-content\/uploads\/nl-100.png\" alt=\"NL\"><\/a><\/p>\n<p>[\/et_pb_text][\/et_pb_column][\/et_pb_row][\/et_pb_section]<\/p>\n","protected":false},"excerpt":{"rendered":"<p>Le\u00a0podium dans la mireD\u00e9vou\u00e9 \u00e0 la qu\u00eate de l&rsquo;excellence et fi\u00e8rement canadien. Les d\u00e9buts du triathlon aux Jeux olympiques de Sydney de 2000, qui ont culmin\u00e9 en une m\u00e9daille d&rsquo;or pour Simon Whitfield, ont propuls\u00e9 le Canada sur la sc\u00e8ne mondiale. Ce moment de \u00abbig bang\u00bb, ainsi que la poursuite du succ\u00e8s de notre \u00e9quipe [&hellip;]<\/p>\n","protected":false},"author":1,"featured_media":0,"parent":3489,"menu_order":0,"comment_status":"closed","ping_status":"closed","template":"","meta":{"_et_pb_use_builder":"on","_et_pb_old_content":"","_et_gb_content_width":"","footnotes":""},"class_list":["post-3543","page","type-page","status-publish","hentry"],"yoast_head":"<title>\u00c9quipe nationale canadienne - Triathlon Canada<\/title>\n<meta name=\"robots\" content=\"index, follow, max-snippet:-1, max-image-preview:large, max-video-preview:-1\" \/>\n<link rel=\"canonical\" href=\"https:\/\/www.triathloncanada.com\/fr\/athletes-et-equipes\/equipe-nationale-canadienne\/\" \/>\n<meta property=\"og:locale\" content=\"fr_FR\" \/>\n<meta property=\"og:type\" content=\"article\" \/>\n<meta property=\"og:title\" content=\"\u00c9quipe nationale canadienne - Triathlon Canada\" \/>\n<meta property=\"og:description\" content=\"Le\u00a0podium dans la mireD\u00e9vou\u00e9 \u00e0 la qu\u00eate de l&#039;excellence et fi\u00e8rement canadien. Les d\u00e9buts du triathlon aux Jeux olympiques de Sydney de 2000, qui ont culmin\u00e9 en une m\u00e9daille d&#039;or pour Simon Whitfield, ont propuls\u00e9 le Canada sur la sc\u00e8ne mondiale. Ce moment de \u00abbig bang\u00bb, ainsi que la poursuite du succ\u00e8s de notre \u00e9quipe [&hellip;]\" \/>\n<meta property=\"og:url\" content=\"https:\/\/www.triathloncanada.com\/fr\/athletes-et-equipes\/equipe-nationale-canadienne\/\" \/>\n<meta property=\"og:site_name\" content=\"Triathlon Canada\" \/>\n<meta property=\"article:modified_time\" content=\"2025-05-07T19:40:26+00:00\" \/>\n<meta property=\"og:image\" content=\"https:\/\/www.triathloncanada.com\/wp-content\/uploads\/bc-100.png\" \/>\n<meta name=\"twitter:card\" content=\"summary_large_image\" \/>\n<meta name=\"twitter:label1\" content=\"Dur\u00e9e de lecture estim\u00e9e\" \/>\n\t<meta name=\"twitter:data1\" content=\"6 minutes\" \/>\n<script type=\"application\/ld+json\" class=\"yoast-schema-graph\">{\"@context\":\"https:\\\/\\\/schema.org\",\"@graph\":[{\"@type\":\"WebPage\",\"@id\":\"https:\\\/\\\/www.triathloncanada.com\\\/fr\\\/athletes-et-equipes\\\/equipe-nationale-canadienne\\\/\",\"url\":\"https:\\\/\\\/www.triathloncanada.com\\\/fr\\\/athletes-et-equipes\\\/equipe-nationale-canadienne\\\/\",\"name\":\"\u00c9quipe nationale canadienne - Triathlon Canada\",\"isPartOf\":{\"@id\":\"https:\\\/\\\/www.triathloncanada.com\\\/#website\"},\"primaryImageOfPage\":{\"@id\":\"https:\\\/\\\/www.triathloncanada.com\\\/fr\\\/athletes-et-equipes\\\/equipe-nationale-canadienne\\\/#primaryimage\"},\"image\":{\"@id\":\"https:\\\/\\\/www.triathloncanada.com\\\/fr\\\/athletes-et-equipes\\\/equipe-nationale-canadienne\\\/#primaryimage\"},\"thumbnailUrl\":\"https:\\\/\\\/www.triathloncanada.com\\\/wp-content\\\/uploads\\\/bc-100.png\",\"datePublished\":\"2017-05-16T20:05:54+00:00\",\"dateModified\":\"2025-05-07T19:40:26+00:00\",\"breadcrumb\":{\"@id\":\"https:\\\/\\\/www.triathloncanada.com\\\/fr\\\/athletes-et-equipes\\\/equipe-nationale-canadienne\\\/#breadcrumb\"},\"inLanguage\":\"fr-FR\",\"potentialAction\":[{\"@type\":\"ReadAction\",\"target\":[\"https:\\\/\\\/www.triathloncanada.com\\\/fr\\\/athletes-et-equipes\\\/equipe-nationale-canadienne\\\/\"]}]},{\"@type\":\"ImageObject\",\"inLanguage\":\"fr-FR\",\"@id\":\"https:\\\/\\\/www.triathloncanada.com\\\/fr\\\/athletes-et-equipes\\\/equipe-nationale-canadienne\\\/#primaryimage\",\"url\":\"https:\\\/\\\/www.triathloncanada.com\\\/wp-content\\\/uploads\\\/bc-100.png\",\"contentUrl\":\"https:\\\/\\\/www.triathloncanada.com\\\/wp-content\\\/uploads\\\/bc-100.png\"},{\"@type\":\"BreadcrumbList\",\"@id\":\"https:\\\/\\\/www.triathloncanada.com\\\/fr\\\/athletes-et-equipes\\\/equipe-nationale-canadienne\\\/#breadcrumb\",\"itemListElement\":[{\"@type\":\"ListItem\",\"position\":1,\"name\":\"Home\",\"item\":\"https:\\\/\\\/www.triathloncanada.com\\\/fr\\\/\"},{\"@type\":\"ListItem\",\"position\":2,\"name\":\"Athl\u00e8tes et \u00e9quipes\",\"item\":\"https:\\\/\\\/www.triathloncanada.com\\\/fr\\\/athletes-et-equipes\\\/\"},{\"@type\":\"ListItem\",\"position\":3,\"name\":\"\u00c9quipe nationale canadienne\"}]},{\"@type\":\"WebSite\",\"@id\":\"https:\\\/\\\/www.triathloncanada.com\\\/#website\",\"url\":\"https:\\\/\\\/www.triathloncanada.com\\\/\",\"name\":\"Triathlon Canada\",\"description\":\"\",\"potentialAction\":[{\"@type\":\"SearchAction\",\"target\":{\"@type\":\"EntryPoint\",\"urlTemplate\":\"https:\\\/\\\/www.triathloncanada.com\\\/?s={search_term_string}\"},\"query-input\":{\"@type\":\"PropertyValueSpecification\",\"valueRequired\":true,\"valueName\":\"search_term_string\"}}],\"inLanguage\":\"fr-FR\"}]}<\/script>","yoast_head_json":{"title":"\u00c9quipe nationale canadienne - Triathlon Canada","robots":{"index":"index","follow":"follow","max-snippet":"max-snippet:-1","max-image-preview":"max-image-preview:large","max-video-preview":"max-video-preview:-1"},"canonical":"https:\/\/www.triathloncanada.com\/fr\/athletes-et-equipes\/equipe-nationale-canadienne\/","og_locale":"fr_FR","og_type":"article","og_title":"\u00c9quipe nationale canadienne - Triathlon Canada","og_description":"Le\u00a0podium dans la mireD\u00e9vou\u00e9 \u00e0 la qu\u00eate de l'excellence et fi\u00e8rement canadien. Les d\u00e9buts du triathlon aux Jeux olympiques de Sydney de 2000, qui ont culmin\u00e9 en une m\u00e9daille d'or pour Simon Whitfield, ont propuls\u00e9 le Canada sur la sc\u00e8ne mondiale. Ce moment de \u00abbig bang\u00bb, ainsi que la poursuite du succ\u00e8s de notre \u00e9quipe [&hellip;]","og_url":"https:\/\/www.triathloncanada.com\/fr\/athletes-et-equipes\/equipe-nationale-canadienne\/","og_site_name":"Triathlon Canada","article_modified_time":"2025-05-07T19:40:26+00:00","og_image":[{"url":"https:\/\/www.triathloncanada.com\/wp-content\/uploads\/bc-100.png","type":"","width":"","height":""}],"twitter_card":"summary_large_image","twitter_misc":{"Dur\u00e9e de lecture estim\u00e9e":"6 minutes"},"schema":{"@context":"https:\/\/schema.org","@graph":[{"@type":"WebPage","@id":"https:\/\/www.triathloncanada.com\/fr\/athletes-et-equipes\/equipe-nationale-canadienne\/","url":"https:\/\/www.triathloncanada.com\/fr\/athletes-et-equipes\/equipe-nationale-canadienne\/","name":"\u00c9quipe nationale canadienne - Triathlon Canada","isPartOf":{"@id":"https:\/\/www.triathloncanada.com\/#website"},"primaryImageOfPage":{"@id":"https:\/\/www.triathloncanada.com\/fr\/athletes-et-equipes\/equipe-nationale-canadienne\/#primaryimage"},"image":{"@id":"https:\/\/www.triathloncanada.com\/fr\/athletes-et-equipes\/equipe-nationale-canadienne\/#primaryimage"},"thumbnailUrl":"https:\/\/www.triathloncanada.com\/wp-content\/uploads\/bc-100.png","datePublished":"2017-05-16T20:05:54+00:00","dateModified":"2025-05-07T19:40:26+00:00","breadcrumb":{"@id":"https:\/\/www.triathloncanada.com\/fr\/athletes-et-equipes\/equipe-nationale-canadienne\/#breadcrumb"},"inLanguage":"fr-FR","potentialAction":[{"@type":"ReadAction","target":["https:\/\/www.triathloncanada.com\/fr\/athletes-et-equipes\/equipe-nationale-canadienne\/"]}]},{"@type":"ImageObject","inLanguage":"fr-FR","@id":"https:\/\/www.triathloncanada.com\/fr\/athletes-et-equipes\/equipe-nationale-canadienne\/#primaryimage","url":"https:\/\/www.triathloncanada.com\/wp-content\/uploads\/bc-100.png","contentUrl":"https:\/\/www.triathloncanada.com\/wp-content\/uploads\/bc-100.png"},{"@type":"BreadcrumbList","@id":"https:\/\/www.triathloncanada.com\/fr\/athletes-et-equipes\/equipe-nationale-canadienne\/#breadcrumb","itemListElement":[{"@type":"ListItem","position":1,"name":"Home","item":"https:\/\/www.triathloncanada.com\/fr\/"},{"@type":"ListItem","position":2,"name":"Athl\u00e8tes et \u00e9quipes","item":"https:\/\/www.triathloncanada.com\/fr\/athletes-et-equipes\/"},{"@type":"ListItem","position":3,"name":"\u00c9quipe nationale canadienne"}]},{"@type":"WebSite","@id":"https:\/\/www.triathloncanada.com\/#website","url":"https:\/\/www.triathloncanada.com\/","name":"Triathlon Canada","description":"","potentialAction":[{"@type":"SearchAction","target":{"@type":"EntryPoint","urlTemplate":"https:\/\/www.triathloncanada.com\/?s={search_term_string}"},"query-input":{"@type":"PropertyValueSpecification","valueRequired":true,"valueName":"search_term_string"}}],"inLanguage":"fr-FR"}]}},"_links":{"self":[{"href":"https:\/\/www.triathloncanada.com\/fr\/wp-json\/wp\/v2\/pages\/3543","targetHints":{"allow":["GET"]}}],"collection":[{"href":"https:\/\/www.triathloncanada.com\/fr\/wp-json\/wp\/v2\/pages"}],"about":[{"href":"https:\/\/www.triathloncanada.com\/fr\/wp-json\/wp\/v2\/types\/page"}],"author":[{"embeddable":true,"href":"https:\/\/www.triathloncanada.com\/fr\/wp-json\/wp\/v2\/users\/1"}],"replies":[{"embeddable":true,"href":"https:\/\/www.triathloncanada.com\/fr\/wp-json\/wp\/v2\/comments?post=3543"}],"version-history":[{"count":0,"href":"https:\/\/www.triathloncanada.com\/fr\/wp-json\/wp\/v2\/pages\/3543\/revisions"}],"up":[{"embeddable":true,"href":"https:\/\/www.triathloncanada.com\/fr\/wp-json\/wp\/v2\/pages\/3489"}],"wp:attachment":[{"href":"https:\/\/www.triathloncanada.com\/fr\/wp-json\/wp\/v2\/media?parent=3543"}],"curies":[{"name":"wp","href":"https:\/\/api.w.org\/{rel}","templated":true}]}}